{"id":1687,"date":"2021-05-25T19:48:43","date_gmt":"2021-05-25T19:48:43","guid":{"rendered":"http:\/\/joshuagarcia.local\/?page_id=1687"},"modified":"2021-06-07T09:00:00","modified_gmt":"2021-06-07T13:00:00","slug":"first-priority","status":"publish","type":"page","link":"https:\/\/garciaforholyoke.com\/es\/first-priority\/","title":{"rendered":"Primera Prioridad"},"content":{"rendered":"<div data-elementor-type=\"wp-page\" data-elementor-id=\"1687\" class=\"elementor elementor-1687\" data-elementor-post-type=\"page\">\n\t\t\t\t\t\t\t\t\t<section class=\"elementor-section elementor-top-section elementor-element elementor-element-299d75a elementor-section-height-min-height elementor-section-boxed elementor-section-height-default elementor-section-items-middle\" data-id=\"299d75a\" data-element_type=\"section\" data-settings=\"{&quot;background_background&quot;:&quot;classic&quot;,&quot;shape_divider_bottom_negative&quot;:&quot;yes&quot;,&quot;shape_divider_bottom&quot;:&quot;triangle&quot;}\">\n\t\t\t\t\t\t\t<div class=\"elementor-background-overlay\"><\/div>\n\t\t\t\t\t\t<div class=\"elementor-shape elementor-shape-bottom\" data-negative=\"true\">\n\t\t\t<svg xmlns=\"http:\/\/www.w3.org\/2000\/svg\" viewbox=\"0 0 1000 100\" preserveaspectratio=\"none\">\n\t<path class=\"elementor-shape-fill\" d=\"M500.2,94.7L0,0v100h1000V0L500.2,94.7z\"\/>\n<\/svg>\t\t<\/div>\n\t\t\t\t\t<div class=\"elementor-container elementor-column-gap-default\">\n\t\t\t\t\t<div class=\"elementor-column elementor-col-100 elementor-top-column elementor-element elementor-element-4564cea4\" data-id=\"4564cea4\" data-element_type=\"column\">\n\t\t\t<div class=\"elementor-widget-wrap elementor-element-populated\">\n\t\t\t\t\t\t\t\t<div class=\"elementor-element elementor-element-2ed08311 elementor-widget elementor-widget-heading\" data-id=\"2ed08311\" data-element_type=\"widget\" data-widget_type=\"heading.default\">\n\t\t\t\t<div class=\"elementor-widget-container\">\n\t\t\t<h1 class=\"elementor-heading-title elementor-size-default\">Primera Prioridad<\/h1>\t\t<\/div>\n\t\t\t\t<\/div>\n\t\t\t\t\t<\/div>\n\t\t<\/div>\n\t\t\t\t\t\t\t<\/div>\n\t\t<\/section>\n\t\t\t\t<section class=\"elementor-section elementor-top-section elementor-element elementor-element-7226bed8 elementor-section-content-middle elementor-section-boxed elementor-section-height-default elementor-section-height-default\" data-id=\"7226bed8\" data-element_type=\"section\">\n\t\t\t\t\t\t<div class=\"elementor-container elementor-column-gap-no\">\n\t\t\t\t\t<div class=\"elementor-column elementor-col-100 elementor-top-column elementor-element elementor-element-7f281334\" data-id=\"7f281334\" data-element_type=\"column\">\n\t\t\t<div class=\"elementor-widget-wrap elementor-element-populated\">\n\t\t\t\t\t\t\t\t<div class=\"elementor-element elementor-element-d821893 elementor-drop-cap-yes elementor-drop-cap-view-default elementor-widget elementor-widget-text-editor\" data-id=\"d821893\" data-element_type=\"widget\" data-settings=\"{&quot;drop_cap&quot;:&quot;yes&quot;}\" data-widget_type=\"text-editor.default\">\n\t\t\t\t<div class=\"elementor-widget-container\">\n\t\t\t\t\t\t\t<p>Mi visi\u00f3n para la ciudad de Holyoke es una que comparten muchas personas de todos los rincones de la ciudad y es la de cultivar un entorno dentro de nuestro gobierno local y nuestros barrios que sea sostenible para que podamos apoyar los mismos esfuerzos que ayudan a construir nuestra comunidad. Como todo el mundo, quiero ver un fuerte desarrollo econ\u00f3mico, una buena educaci\u00f3n p\u00fablica, esfuerzos avanzados de seguridad p\u00fablica y servicios municipales de calidad. Sin embargo, primero tenemos que trabajar desde el centro hacia fuera y realizar los cambios necesarios en el sistema que salvaguarden los fondos p\u00fablicos, protejan los activos locales y establezcan un sistema que cumpla con las normas y reglamentos financieros.<\/p>\t\t\t\t\t\t<\/div>\n\t\t\t\t<\/div>\n\t\t\t\t<div class=\"elementor-element elementor-element-38c51bd elementor-widget elementor-widget-text-editor\" data-id=\"38c51bd\" data-element_type=\"widget\" data-widget_type=\"text-editor.default\">\n\t\t\t\t<div class=\"elementor-widget-container\">\n\t\t\t\t\t\t\t<p>La forma en que manejemos nuestros recursos determinar\u00e1 en gran medida el apoyo que podamos dar a nuestros departamentos para que proporcionen los servicios que la comunidad espera. Cada una de las funciones del gobierno local de la ciudad y las organizaciones comunitarias locales dependen en gran medida de lo bien que funcionemos financieramente.<\/p>\t\t\t\t\t\t<\/div>\n\t\t\t\t<\/div>\n\t\t\t\t<div class=\"elementor-element elementor-element-df99789 elementor-widget elementor-widget-heading\" data-id=\"df99789\" data-element_type=\"widget\" data-widget_type=\"heading.default\">\n\t\t\t\t<div class=\"elementor-widget-container\">\n\t\t\t<h5 class=\"elementor-heading-title elementor-size-default\">Por lo tanto, mi prioridad n\u00famero uno se centrar\u00e1 en:<\/h5>\t\t<\/div>\n\t\t\t\t<\/div>\n\t\t\t\t<div class=\"elementor-element elementor-element-ac2f0ff elementor-align-left elementor-icon-list--layout-traditional elementor-list-item-link-full_width elementor-widget elementor-widget-icon-list\" data-id=\"ac2f0ff\" data-element_type=\"widget\" data-widget_type=\"icon-list.default\">\n\t\t\t\t<div class=\"elementor-widget-container\">\n\t\t\t\t\t<ul class=\"elementor-icon-list-items\">\n\t\t\t\t\t\t\t<li class=\"elementor-icon-list-item\">\n\t\t\t\t\t\t\t\t\t\t\t<span class=\"elementor-icon-list-icon\">\n\t\t\t\t\t\t\t<i aria-hidden=\"true\" class=\"fas fa-check\"><\/i>\t\t\t\t\t\t<\/span>\n\t\t\t\t\t\t\t\t\t\t<span class=\"elementor-icon-list-text\">Corregir el estado de deficiencia actual de 2.000.000 de d\u00f3lares en los libros de la ciudad y restablecer un nivel saludable de efectivo libre. Esto incluye abordar las pr\u00e1cticas actuales que han creado desviaciones de conciliaci\u00f3n para el efectivo y las cuentas por cobrar de bienes ra\u00edces, los d\u00e9ficits de asignaci\u00f3n de gastos excesivos, los d\u00e9ficits de proyectos de capital, los d\u00e9ficits de subvenciones y otros d\u00e9ficits que son de naturaleza estructural relacionados con el exceso de gastos, que es una pr\u00e1ctica inaceptable, especialmente porque la ley general de Massachusetts no permite el gasto en exceso de la asignaci\u00f3n.<\/span>\n\t\t\t\t\t\t\t\t\t<\/li>\n\t\t\t\t\t\t\t\t<li class=\"elementor-icon-list-item\">\n\t\t\t\t\t\t\t\t\t\t\t<span class=\"elementor-icon-list-icon\">\n\t\t\t\t\t\t\t<i aria-hidden=\"true\" class=\"fas fa-check\"><\/i>\t\t\t\t\t\t<\/span>\n\t\t\t\t\t\t\t\t\t\t<span class=\"elementor-icon-list-text\">Elaboraci\u00f3n de un Manual de Pol\u00edticas Financieras que sirva de orientaci\u00f3n para la planificaci\u00f3n y la toma de decisiones a nivel local. El manual esbozar\u00e1 los objetivos, proporcionar\u00e1 direcci\u00f3n y definir\u00e1 la autoridad para ayudar a garantizar una administraci\u00f3n fiscal s\u00f3lida y pr\u00e1cticas de administraci\u00f3n de acuerdo con las ordenanzas locales de la ciudad y las mejores pr\u00e1cticas de la Divisi\u00f3n de Servicios Locales de MA.<\/span>\n\t\t\t\t\t\t\t\t\t<\/li>\n\t\t\t\t\t\t\t\t<li class=\"elementor-icon-list-item\">\n\t\t\t\t\t\t\t\t\t\t\t<span class=\"elementor-icon-list-icon\">\n\t\t\t\t\t\t\t<i aria-hidden=\"true\" class=\"fas fa-check\"><\/i>\t\t\t\t\t\t<\/span>\n\t\t\t\t\t\t\t\t\t\t<span class=\"elementor-icon-list-text\">Revise la hoja recapitulativa de tasas impositivas y comprenda mejor las fuentes de ingresos en preparaci\u00f3n para el a\u00f1o fiscal 23. Colaborar con los departamentos y el Ayuntamiento para finalizar un presupuesto que est\u00e9 dentro de los par\u00e1metros presupuestarios reflejados por las fuentes de ingresos.<\/span>\n\t\t\t\t\t\t\t\t\t<\/li>\n\t\t\t\t\t\t\t\t<li class=\"elementor-icon-list-item\">\n\t\t\t\t\t\t\t\t\t\t\t<span class=\"elementor-icon-list-icon\">\n\t\t\t\t\t\t\t<i aria-hidden=\"true\" class=\"fas fa-check\"><\/i>\t\t\t\t\t\t<\/span>\n\t\t\t\t\t\t\t\t\t\t<span class=\"elementor-icon-list-text\">Revisar la estructura de interoperabilidad y redactar un plan de reorganizaci\u00f3n. Colaborar con el Consejo de la Ciudad para abordar adecuadamente las \u00e1reas que requieren un cambio en la legislaci\u00f3n.<\/span>\n\t\t\t\t\t\t\t\t\t<\/li>\n\t\t\t\t\t\t\t\t<li class=\"elementor-icon-list-item\">\n\t\t\t\t\t\t\t\t\t\t\t<span class=\"elementor-icon-list-icon\">\n\t\t\t\t\t\t\t<i aria-hidden=\"true\" class=\"fas fa-check\"><\/i>\t\t\t\t\t\t<\/span>\n\t\t\t\t\t\t\t\t\t\t<span class=\"elementor-icon-list-text\">Garantizar que los departamentos financieros de la ciudad dispongan de las herramientas necesarias para ser eficaces.<\/span>\n\t\t\t\t\t\t\t\t\t<\/li>\n\t\t\t\t\t\t\t\t<li class=\"elementor-icon-list-item\">\n\t\t\t\t\t\t\t\t\t\t\t<span class=\"elementor-icon-list-icon\">\n\t\t\t\t\t\t\t<i aria-hidden=\"true\" class=\"fas fa-check\"><\/i>\t\t\t\t\t\t<\/span>\n\t\t\t\t\t\t\t\t\t\t<span class=\"elementor-icon-list-text\">Redactar el manual de pol\u00edticas de personal para garantizar que los residentes de Holyoke reciban la calidad de los servicios por los que pagan y a los que tienen derecho, y para asegurar adem\u00e1s una relaci\u00f3n econ\u00f3mica y profesional s\u00f3lida y mutuamente beneficiosa entre la ciudad y sus empleados.<\/span>\n\t\t\t\t\t\t\t\t\t<\/li>\n\t\t\t\t\t\t\t\t<li class=\"elementor-icon-list-item\">\n\t\t\t\t\t\t\t\t\t\t\t<span class=\"elementor-icon-list-icon\">\n\t\t\t\t\t\t\t<i aria-hidden=\"true\" class=\"fas fa-check\"><\/i>\t\t\t\t\t\t<\/span>\n\t\t\t\t\t\t\t\t\t\t<span class=\"elementor-icon-list-text\">Trabajar con el Concejo Municipal para establecer una cuenta de estabilizaci\u00f3n de Proyectos de Capital.<\/span>\n\t\t\t\t\t\t\t\t\t<\/li>\n\t\t\t\t\t\t\t\t<li class=\"elementor-icon-list-item\">\n\t\t\t\t\t\t\t\t\t\t\t<span class=\"elementor-icon-list-icon\">\n\t\t\t\t\t\t\t<i aria-hidden=\"true\" class=\"fas fa-check\"><\/i>\t\t\t\t\t\t<\/span>\n\t\t\t\t\t\t\t\t\t\t<span class=\"elementor-icon-list-text\">Trabajar con el Concejo Municipal para establecer una cuenta de estabilizaci\u00f3n de Proyectos de Capital.<\/span>\n\t\t\t\t\t\t\t\t\t<\/li>\n\t\t\t\t\t\t\t\t<li class=\"elementor-icon-list-item\">\n\t\t\t\t\t\t\t\t\t\t\t<span class=\"elementor-icon-list-icon\">\n\t\t\t\t\t\t\t<i aria-hidden=\"true\" class=\"fas fa-check\"><\/i>\t\t\t\t\t\t<\/span>\n\t\t\t\t\t\t\t\t\t\t<span class=\"elementor-icon-list-text\">Crecer cuenta\/s de estabilizaci\u00f3n.<\/span>\n\t\t\t\t\t\t\t\t\t<\/li>\n\t\t\t\t\t\t\t\t<li class=\"elementor-icon-list-item\">\n\t\t\t\t\t\t\t\t\t\t\t<span class=\"elementor-icon-list-icon\">\n\t\t\t\t\t\t\t<i aria-hidden=\"true\" class=\"fas fa-check\"><\/i>\t\t\t\t\t\t<\/span>\n\t\t\t\t\t\t\t\t\t\t<span class=\"elementor-icon-list-text\">Colaborar con el departamento de Tesorer\u00eda para cobrar agresivamente los impuestos municipales atrasados.<\/span>\n\t\t\t\t\t\t\t\t\t<\/li>\n\t\t\t\t\t\t\t\t<li class=\"elementor-icon-list-item\">\n\t\t\t\t\t\t\t\t\t\t\t<span class=\"elementor-icon-list-icon\">\n\t\t\t\t\t\t\t<i aria-hidden=\"true\" class=\"fas fa-check\"><\/i>\t\t\t\t\t\t<\/span>\n\t\t\t\t\t\t\t\t\t\t<span class=\"elementor-icon-list-text\">Identificar y aceptar un estatuto que proporcione a la ciudad flexibilidad para hacer frente a la morosidad del agua\/alcantarillado colocando los cargos de servicios p\u00fablicos del a\u00f1o fiscal anterior no pagados en la factura de impuestos para asegurar el pago del cargo ya sea mediante el pago o el t\u00edtulo de impuestos. Si no se paga, este enfoque permitir\u00e1 a la ciudad colocar un gravamen sobre la propiedad y la ejecuci\u00f3n hipotecaria.<\/span>\n\t\t\t\t\t\t\t\t\t<\/li>\n\t\t\t\t\t\t<\/ul>\n\t\t\t\t<\/div>\n\t\t\t\t<\/div>\n\t\t\t\t<div class=\"elementor-element elementor-element-805466c elementor-widget elementor-widget-heading\" data-id=\"805466c\" data-element_type=\"widget\" data-widget_type=\"heading.default\">\n\t\t\t\t<div class=\"elementor-widget-container\">\n\t\t\t<h3 class=\"elementor-heading-title elementor-size-default\">Mi Experiencia<\/h3>\t\t<\/div>\n\t\t\t\t<\/div>\n\t\t\t\t<div class=\"elementor-element elementor-element-e00bab9 elementor-widget elementor-widget-text-editor\" data-id=\"e00bab9\" data-element_type=\"widget\" data-widget_type=\"text-editor.default\">\n\t\t\t\t<div class=\"elementor-widget-container\">\n\t\t\t\t\t\t\t<p>Cuando comenc\u00e9 a trabajar como administrador municipal de Blandford hace tres a\u00f1os, la ciudad se encontraba en una situaci\u00f3n muy similar a la de Holyoke. Hubo a\u00f1os constantes de saldos de caja libres negativos y de presentaci\u00f3n de informes a destiempo al Departamento de Ingresos de MA. Las cuentas no se conciliaban con regularidad, si es que lo hac\u00edan, y hab\u00eda m\u00faltiples cuentas deficitarias que no se abordaban; no se pagaba a los proveedores a tiempo y las n\u00f3minas se ve\u00edan afectadas con frecuencia. No hab\u00eda controles internos ni responsabilidad y no hab\u00eda confianza entre los departamentos y los funcionarios elegidos\/nombrados. Adem\u00e1s, no se hab\u00eda realizado ninguna auditor\u00eda desde 2012. Cuando entr\u00e9, me di cuenta r\u00e1pidamente de la necesidad inmediata de poner en orden las finanzas y lo hicimos mientras cultivamos un ambiente de colaboraci\u00f3n en el Concejo Municipal que se reflejaba positivamente en toda la comunidad. Reorganizamos y profesionalizamos para proporcionar una mayor eficiencia y responsabilidad. Los cambios introducidos permitieron mejorar el proceso de elaboraci\u00f3n del presupuesto, cerrar a tiempo los libros de los ejercicios anteriores y presentar informes, disponer de s\u00f3lidos saldos de certificaci\u00f3n de caja libre, contar con un sistema de tramitaci\u00f3n de \u00f3rdenes de pago y n\u00f3minas mucho m\u00e1s eficiente y completar a tiempo las auditor\u00edas anuales. Con estas funciones b\u00e1sicas funcionando como es debido y con la casa en orden, hemos podido aprovechar al m\u00e1ximo los recursos disponibles de la ciudad a trav\u00e9s de subvenciones y cr\u00e9ditos locales y hemos realizado numerosas inversiones estrat\u00e9gicas en infraestructuras, mejoras de capital y m\u00faltiples inversiones en estabilizaci\u00f3n. Este es el tipo de progreso que quiero traer a Holyoke.<\/p>\t\t\t\t\t\t<\/div>\n\t\t\t\t<\/div>\n\t\t\t\t\t<\/div>\n\t\t<\/div>\n\t\t\t\t\t\t\t<\/div>\n\t\t<\/section>\n\t\t\t\t\t\t\t<\/div>","protected":false},"excerpt":{"rendered":"<p>First Priority My vision for the City of Holyoke is one shared by many people of every corner of the City and that is to cultivate an environment within our local government and our neighborhoods that is sustainable so that we can support the very efforts that help build our community. Like everyone else, I [&hellip;]<\/p>","protected":false},"author":1,"featured_media":0,"parent":0,"menu_order":0,"comment_status":"closed","ping_status":"closed","template":"elementor_header_footer","meta":{"inline_featured_image":false,"footnotes":""},"class_list":["post-1687","page","type-page","status-publish","hentry"],"yoast_head":"<!-- This site is optimized with the Yoast SEO plugin v21.8 - https:\/\/yoast.com\/wordpress\/plugins\/seo\/ -->\n<title>First Priority - Joshua A. Garcia for Mayor of Holyoke, MA<\/title>\n<meta name=\"robots\" content=\"index, follow, max-snippet:-1, max-image-preview:large, max-video-preview:-1\" \/>\n<link rel=\"canonical\" href=\"https:\/\/garciaforholyoke.com\/es\/first-priority\/\" \/>\n<meta property=\"og:locale\" content=\"es_ES\" \/>\n<meta property=\"og:type\" content=\"article\" \/>\n<meta property=\"og:title\" content=\"First Priority - Joshua A. Garcia for Mayor of Holyoke, MA\" \/>\n<meta property=\"og:description\" content=\"First Priority My vision for the City of Holyoke is one shared by many people of every corner of the City and that is to cultivate an environment within our local government and our neighborhoods that is sustainable so that we can support the very efforts that help build our community. Like everyone else, I [&hellip;]\" \/>\n<meta property=\"og:url\" content=\"https:\/\/garciaforholyoke.com\/es\/first-priority\/\" \/>\n<meta property=\"og:site_name\" content=\"Joshua A. Garcia for Mayor of Holyoke, MA\" \/>\n<meta property=\"article:publisher\" content=\"https:\/\/www.facebook.com\/garciaforholyoke\/\" \/>\n<meta property=\"article:modified_time\" content=\"2021-06-07T13:00:00+00:00\" \/>\n<meta property=\"og:image\" content=\"https:\/\/garciaforholyoke.com\/wp-content\/uploads\/2021\/06\/fb-preview-1.jpg\" \/>\n\t<meta property=\"og:image:width\" content=\"600\" \/>\n\t<meta property=\"og:image:height\" content=\"314\" \/>\n\t<meta property=\"og:image:type\" content=\"image\/jpeg\" \/>\n<meta name=\"twitter:card\" content=\"summary_large_image\" \/>\n<meta name=\"twitter:site\" content=\"@TheGarciaJosh\" \/>\n<meta name=\"twitter:label1\" content=\"Est. reading time\" \/>\n\t<meta name=\"twitter:data1\" content=\"4 minutos\" \/>\n<script type=\"application\/ld+json\" class=\"yoast-schema-graph\">{\"@context\":\"https:\/\/schema.org\",\"@graph\":[{\"@type\":\"WebPage\",\"@id\":\"https:\/\/garciaforholyoke.com\/first-priority\/\",\"url\":\"https:\/\/garciaforholyoke.com\/first-priority\/\",\"name\":\"First Priority - Joshua A. Garcia for Mayor of Holyoke, MA\",\"isPartOf\":{\"@id\":\"https:\/\/garciaforholyoke.com\/#website\"},\"datePublished\":\"2021-05-25T19:48:43+00:00\",\"dateModified\":\"2021-06-07T13:00:00+00:00\",\"breadcrumb\":{\"@id\":\"https:\/\/garciaforholyoke.com\/first-priority\/#breadcrumb\"},\"inLanguage\":\"es\",\"potentialAction\":[{\"@type\":\"ReadAction\",\"target\":[\"https:\/\/garciaforholyoke.com\/first-priority\/\"]}]},{\"@type\":\"BreadcrumbList\",\"@id\":\"https:\/\/garciaforholyoke.com\/first-priority\/#breadcrumb\",\"itemListElement\":[{\"@type\":\"ListItem\",\"position\":1,\"name\":\"Home\",\"item\":\"https:\/\/garciaforholyoke.com\/\"},{\"@type\":\"ListItem\",\"position\":2,\"name\":\"First Priority\"}]},{\"@type\":\"WebSite\",\"@id\":\"https:\/\/garciaforholyoke.com\/#website\",\"url\":\"https:\/\/garciaforholyoke.com\/\",\"name\":\"Joshua A. Garcia for Mayor of Holyoke, MA\",\"description\":\"Connect. Build. Grow.\",\"publisher\":{\"@id\":\"https:\/\/garciaforholyoke.com\/#organization\"},\"potentialAction\":[{\"@type\":\"SearchAction\",\"target\":{\"@type\":\"EntryPoint\",\"urlTemplate\":\"https:\/\/garciaforholyoke.com\/?s={search_term_string}\"},\"query-input\":\"required name=search_term_string\"}],\"inLanguage\":\"es\"},{\"@type\":\"Organization\",\"@id\":\"https:\/\/garciaforholyoke.com\/#organization\",\"name\":\"Joshua A. Garcia for Mayor of Holyoke, MA\",\"url\":\"https:\/\/garciaforholyoke.com\/\",\"logo\":{\"@type\":\"ImageObject\",\"inLanguage\":\"es\",\"@id\":\"https:\/\/garciaforholyoke.com\/#\/schema\/logo\/image\/\",\"url\":\"https:\/\/garciaforholyoke.com\/wp-content\/uploads\/2021\/06\/Garcia-Mayor-Logo.svg\",\"contentUrl\":\"https:\/\/garciaforholyoke.com\/wp-content\/uploads\/2021\/06\/Garcia-Mayor-Logo.svg\",\"width\":10,\"height\":7,\"caption\":\"Joshua A. Garcia for Mayor of Holyoke, MA\"},\"image\":{\"@id\":\"https:\/\/garciaforholyoke.com\/#\/schema\/logo\/image\/\"},\"sameAs\":[\"https:\/\/www.facebook.com\/garciaforholyoke\/\",\"https:\/\/twitter.com\/TheGarciaJosh\",\"http:\/\/instagram.com\/garciajoshua\"]}]}<\/script>\n<!-- \/ Yoast SEO plugin. -->","yoast_head_json":{"title":"First Priority - Joshua A. Garcia for Mayor of Holyoke, MA","robots":{"index":"index","follow":"follow","max-snippet":"max-snippet:-1","max-image-preview":"max-image-preview:large","max-video-preview":"max-video-preview:-1"},"canonical":"https:\/\/garciaforholyoke.com\/es\/first-priority\/","og_locale":"es_ES","og_type":"article","og_title":"First Priority - Joshua A. Garcia for Mayor of Holyoke, MA","og_description":"First Priority My vision for the City of Holyoke is one shared by many people of every corner of the City and that is to cultivate an environment within our local government and our neighborhoods that is sustainable so that we can support the very efforts that help build our community. Like everyone else, I [&hellip;]","og_url":"https:\/\/garciaforholyoke.com\/es\/first-priority\/","og_site_name":"Joshua A. Garcia for Mayor of Holyoke, MA","article_publisher":"https:\/\/www.facebook.com\/garciaforholyoke\/","article_modified_time":"2021-06-07T13:00:00+00:00","og_image":[{"width":600,"height":314,"url":"https:\/\/garciaforholyoke.com\/wp-content\/uploads\/2021\/06\/fb-preview-1.jpg","type":"image\/jpeg"}],"twitter_card":"summary_large_image","twitter_site":"@TheGarciaJosh","twitter_misc":{"Est. reading time":"4 minutos"},"schema":{"@context":"https:\/\/schema.org","@graph":[{"@type":"WebPage","@id":"https:\/\/garciaforholyoke.com\/first-priority\/","url":"https:\/\/garciaforholyoke.com\/first-priority\/","name":"First Priority - Joshua A. Garcia for Mayor of Holyoke, MA","isPartOf":{"@id":"https:\/\/garciaforholyoke.com\/#website"},"datePublished":"2021-05-25T19:48:43+00:00","dateModified":"2021-06-07T13:00:00+00:00","breadcrumb":{"@id":"https:\/\/garciaforholyoke.com\/first-priority\/#breadcrumb"},"inLanguage":"es","potentialAction":[{"@type":"ReadAction","target":["https:\/\/garciaforholyoke.com\/first-priority\/"]}]},{"@type":"BreadcrumbList","@id":"https:\/\/garciaforholyoke.com\/first-priority\/#breadcrumb","itemListElement":[{"@type":"ListItem","position":1,"name":"Home","item":"https:\/\/garciaforholyoke.com\/"},{"@type":"ListItem","position":2,"name":"First Priority"}]},{"@type":"WebSite","@id":"https:\/\/garciaforholyoke.com\/#website","url":"https:\/\/garciaforholyoke.com\/","name":"Joshua A. Garcia for Mayor of Holyoke, MA","description":"Conectar. Construir. Crecer.","publisher":{"@id":"https:\/\/garciaforholyoke.com\/#organization"},"potentialAction":[{"@type":"SearchAction","target":{"@type":"EntryPoint","urlTemplate":"https:\/\/garciaforholyoke.com\/?s={search_term_string}"},"query-input":"required name=search_term_string"}],"inLanguage":"es"},{"@type":"Organization","@id":"https:\/\/garciaforholyoke.com\/#organization","name":"Joshua A. Garcia for Mayor of Holyoke, MA","url":"https:\/\/garciaforholyoke.com\/","logo":{"@type":"ImageObject","inLanguage":"es","@id":"https:\/\/garciaforholyoke.com\/#\/schema\/logo\/image\/","url":"https:\/\/garciaforholyoke.com\/wp-content\/uploads\/2021\/06\/Garcia-Mayor-Logo.svg","contentUrl":"https:\/\/garciaforholyoke.com\/wp-content\/uploads\/2021\/06\/Garcia-Mayor-Logo.svg","width":10,"height":7,"caption":"Joshua A. Garcia for Mayor of Holyoke, MA"},"image":{"@id":"https:\/\/garciaforholyoke.com\/#\/schema\/logo\/image\/"},"sameAs":["https:\/\/www.facebook.com\/garciaforholyoke\/","https:\/\/twitter.com\/TheGarciaJosh","http:\/\/instagram.com\/garciajoshua"]}]}},"_links":{"self":[{"href":"https:\/\/garciaforholyoke.com\/es\/wp-json\/wp\/v2\/pages\/1687","targetHints":{"allow":["GET"]}}],"collection":[{"href":"https:\/\/garciaforholyoke.com\/es\/wp-json\/wp\/v2\/pages"}],"about":[{"href":"https:\/\/garciaforholyoke.com\/es\/wp-json\/wp\/v2\/types\/page"}],"author":[{"embeddable":true,"href":"https:\/\/garciaforholyoke.com\/es\/wp-json\/wp\/v2\/users\/1"}],"replies":[{"embeddable":true,"href":"https:\/\/garciaforholyoke.com\/es\/wp-json\/wp\/v2\/comments?post=1687"}],"version-history":[{"count":28,"href":"https:\/\/garciaforholyoke.com\/es\/wp-json\/wp\/v2\/pages\/1687\/revisions"}],"predecessor-version":[{"id":3137,"href":"https:\/\/garciaforholyoke.com\/es\/wp-json\/wp\/v2\/pages\/1687\/revisions\/3137"}],"wp:attachment":[{"href":"https:\/\/garciaforholyoke.com\/es\/wp-json\/wp\/v2\/media?parent=1687"}],"curies":[{"name":"wp","href":"https:\/\/api.w.org\/{rel}","templated":true}]}}